{"id":159,"date":"2018-06-05T10:03:05","date_gmt":"2018-06-05T08:03:05","guid":{"rendered":"http:\/\/vivacite.services.mairie-sotteville-les-rouen.fr\/?post_type=product&#038;p=159"},"modified":"2019-06-24T11:45:21","modified_gmt":"2019-06-24T09:45:21","slug":"arbor-erit-arbre-sera","status":"publish","type":"product","link":"https:\/\/vivacite.services.mairie-sotteville-les-rouen.fr\/?product=arbor-erit-arbre-sera","title":{"rendered":"Souffle"},"content":{"rendered":"<p>Il y a des jours o\u00f9 nous n\u2019aurions pas d\u00fb revenir \u00e0 la maison, mais nous sommes toujours l\u00e0. Le texte \u00e9crit par Fran\u00e7ois Rascalou relate<br \/>\nles visites de la mort au cours d\u2019une vie. Il prend la forme d\u2019un conte, d\u00e9form\u00e9 comme dans un r\u00eave, peupl\u00e9 de b\u00eates et de sursauts. Les b\u00eates sont le fruit des r\u00eaves de l\u2019auteur et incarnent l\u2019effroi et le questionnement que ces confrontations avec la mort ont impos\u00e9, ann\u00e9e apr\u00e8s ann\u00e9e.<br \/>\nLes terreurs des nuits d\u2019enfants, les d\u00e9fis mortif\u00e8res de l\u2019adolescence, les insouciances maladroites, les accidents, la maladie, le deuil, la perte..<\/p>\n<p><strong>Vendredi 19h30 en 17<\/strong><br \/>\n<strong>Samedi 11h45 &amp; 18h45 en 17<\/strong><br \/>\n<strong>Dimanche 11h30 &amp; 14h en 17<\/strong><\/p>\n","protected":false},"excerpt":{"rendered":"<p>ACTION D\u2019ESPACE<\/p>\n","protected":false},"featured_media":0,"template":"","meta":[],"_links":{"self":[{"href":"https:\/\/vivacite.services.mairie-sotteville-les-rouen.fr\/index.php?rest_route=\/wp\/v2\/product\/159"}],"collection":[{"href":"https:\/\/vivacite.services.mairie-sotteville-les-rouen.fr\/index.php?rest_route=\/wp\/v2\/product"}],"about":[{"href":"https:\/\/vivacite.services.mairie-sotteville-les-rouen.fr\/index.php?rest_route=\/wp\/v2\/types\/product"}],"wp:attachment":[{"href":"https:\/\/vivacite.services.mairie-sotteville-les-rouen.fr\/index.php?rest_route=%2Fwp%2Fv2%2Fmedia&parent=159"}],"curies":[{"name":"wp","href":"https:\/\/api.w.org\/{rel}","templated":true}]}}